{"id":2569,"date":"2024-12-11T13:31:35","date_gmt":"2024-12-11T18:31:35","guid":{"rendered":"https:\/\/novador.ca\/?post_type=nouvelle&#038;p=2569"},"modified":"2025-02-11T09:07:01","modified_gmt":"2025-02-11T14:07:01","slug":"dejeuner-des-pompiers-de-la-ville-de-val-dor-un-elan-de-solidarite-au-service-de-la-communaute","status":"publish","type":"nouvelle","link":"https:\/\/novador.ca\/fr\/nouvelle\/dejeuner-des-pompiers-de-la-ville-de-val-dor-un-elan-de-solidarite-au-service-de-la-communaute\/","title":{"rendered":"D\u00e9jeuner des pompiers de la ville de Val-d\u2019Or\u202f: Un \u00e9lan de solidarit\u00e9 au service de la communaut\u00e9"},"featured_media":2557,"template":"","meta":{"_acf_changed":false},"categories":[22],"class_list":["post-2569","nouvelle","type-nouvelle","status-publish","has-post-thumbnail","hentry","category-nouvelle"],"acf":{"article_type":true,"article_texte":"<div>\r\n\r\nLe 6\u202fd\u00e9cembre 2024, le Service de s\u00e9curit\u00e9 incendie de la ville de Val-d\u2019Or a organis\u00e9 avec succ\u00e8s son traditionnel D\u00e9jeuner des pompiers. Plusieurs repr\u00e9sentants de Probe Gold ont eu le plaisir de participer \u00e0 cet \u00e9v\u00e9nement convivial, qui a r\u00e9uni la communaut\u00e9 autour d\u2019une belle cause.\r\n\r\nCette ann\u00e9e, pas moins de 1\u2009539\u202fd\u00e9jeuners ont \u00e9t\u00e9 servis, t\u00e9moignant de l\u2019engagement et de la g\u00e9n\u00e9rosit\u00e9 des participant(e)s. Les fonds r\u00e9colt\u00e9s, s\u2019\u00e9levant \u00e0 31\u2009216,95\u202f$, seront vers\u00e9s aux Paniers de No\u00ebl de la Vall\u00e9e-de-l\u2019Or. Cet \u00e9v\u00e9nement illustre parfaitement l\u2019esprit de solidarit\u00e9 qui anime notre r\u00e9gion, et nous sommes fiers de pouvoir y contribuer.\r\n\r\n<img class=\"wp-image-2362 alignleft\" src=\"http:\/\/novador.ca\/wp-content\/uploads\/dejeuner-pompiers-2-novador.webp\" alt=\"\" width=\"351\" height=\"469\" \/>La pr\u00e9sence de l\u2019\u00e9quipe de Probe Gold au D\u00e9jeuner des pompiers souligne notre volont\u00e9 de participer activement \u00e0 des initiatives locales et de tisser des liens avec la communaut\u00e9. Bravo \u00e0 toute l\u2019organisation pour la r\u00e9ussite de ce bel \u00e9v\u00e9nement. Ensemble, nous avons partag\u00e9 un moment chaleureux et convivial afin d\u2019apporter un peu de joie et de r\u00e9confort aux familles d\u00e9munies pendant la p\u00e9riode des f\u00eates.\r\n<div><\/div>\r\n<\/div>","article_lien_externe":[""],"article_source":"Probe Gold","article_document":""},"_links":{"self":[{"href":"https:\/\/novador.ca\/fr\/wp-json\/wp\/v2\/nouvelle\/2569","targetHints":{"allow":["GET"]}}],"collection":[{"href":"https:\/\/novador.ca\/fr\/wp-json\/wp\/v2\/nouvelle"}],"about":[{"href":"https:\/\/novador.ca\/fr\/wp-json\/wp\/v2\/types\/nouvelle"}],"wp:featuredmedia":[{"embeddable":true,"href":"https:\/\/novador.ca\/fr\/wp-json\/wp\/v2\/media\/2557"}],"wp:attachment":[{"href":"https:\/\/novador.ca\/fr\/wp-json\/wp\/v2\/media?parent=2569"}],"wp:term":[{"taxonomy":"category","embeddable":true,"href":"https:\/\/novador.ca\/fr\/wp-json\/wp\/v2\/categories?post=2569"}],"curies":[{"name":"wp","href":"https:\/\/api.w.org\/{rel}","templated":true}]}}